{"id":11750,"date":"2020-11-02T09:51:06","date_gmt":"2020-11-02T08:51:06","guid":{"rendered":"https:\/\/latiendadesami.com\/producto\/alino-de-mi-pueblo\/"},"modified":"2022-08-22T14:44:44","modified_gmt":"2022-08-22T12:44:44","slug":"alino-de-mi-pueblo","status":"publish","type":"product","link":"https:\/\/latiendadesami.com\/pt-pt\/producto\/alino-de-mi-pueblo\/","title":{"rendered":"Ali\u00f1o de mi pueblo"},"content":{"rendered":"<p>As <strong>azeitonas<\/strong> &#8220;Ali\u00f1o de mi Pueblo&#8221; manzanilla <strong>temperadas com<\/strong> <a href=\"https:\/\/aceitunaschiconlebron.com\/catalogo-productos\/comprar-aceitunas\/deshuesadas\/\" target=\"_blank\" rel=\"noopener\">azeitonas sem caro\u00e7o<\/a> temperadas com os melhores ingredientes, utilizando uma receita tradicional.<\/p>\n<p>A utiliza\u00e7\u00e3o de especiarias naturais e o controlo da temperatura s\u00e3o o segredo para conseguir o sabor especial destas azeitonas.<\/p>\n<p>As azeitonas Ali\u00f1o de mi pueblo s\u00e3o macias e a carne suculenta confere-lhes um sabor inconfund\u00edvel.<\/p>\n<p>Ensopadas em salmoura e tratadas para reduzir a sua acidez, as azeitonas <a href=\"https:\/\/latiendadesami.com\/categoria-producto\/encurtidos\/\">em conserva<\/a> caseiras s\u00e3o uma vis\u00e3o comum em muitos terra\u00e7os e em muitos restaurantes.<\/p>\n<h3>Benef\u00edcios do Ali\u00f1o de mi Pueblo Azeitonas<\/h3>\n<p>Conhecia os m\u00faltiplos benef\u00edcios destas <strong>azeitonas<\/strong>? Estes t\u00eam um alto poder de preven\u00e7\u00e3o de doen\u00e7as card\u00edacas e circulat\u00f3rias em geral.<\/p>\n<p>Isto deve-se ao seu elevado teor de gorduras insaturadas. \u00c9 tamb\u00e9m um alimento que cont\u00e9m muito ferro e fibra e \u00e9 altamente saciante, tornando-o um petisco perfeito.<\/p>\n<p>Se quiser comprar azeitonas ou qualquer outro tipo de <a href=\"https:\/\/latiendadesami.com\/categoria-producto\/encurtidos\/\" rel=\"noopener\">pickles<\/a>, n\u00e3o hesite em consultar o nosso cat\u00e1logo online para ver a grande variedade de <a href=\"https:\/\/latiendadesami.com\/categoria-producto\/encurtidos\/aceitunas\/\">azeitonas<\/a> que temos.<\/p>\n","protected":false},"excerpt":{"rendered":"<p>azeitonas no tempero da minha aldeia<br \/>\nDepende da quantidade<\/p>\n","protected":false},"featured_media":10826,"template":"","meta":{"_et_pb_use_builder":"","_et_pb_old_content":"","_et_gb_content_width":""},"product_brand":[],"product_cat":[338,337],"product_tag":[375],"class_list":{"0":"post-11750","1":"product","2":"type-product","3":"status-publish","4":"has-post-thumbnail","6":"product_cat-azeitonas","7":"product_cat-pickles","8":"product_tag-aldeia","9":"pa_cantidad-pacote-de-6-unidades","10":"pa_cantidad-unidade-pt-pt","12":"first","13":"instock","14":"taxable","15":"shipping-taxable","16":"purchasable","17":"product-type-variable"},"yoast_head":"<!-- This site is optimized with the Yoast SEO plugin v27.3 - https:\/\/yoast.com\/product\/yoast-seo-wordpress\/ -->\n<title>Ali\u00f1o de mi pueblo - La Tienda de Sami<\/title>\n<meta name=\"description\" content=\"Ali\u00f1o de mi pueblo - As azeitonas Ali\u00f1o de mi pueblo s\u00e3o temperadas com os melhores ingredientes, utilizando uma receita tradicional.\" \/>\n<meta name=\"robots\" content=\"index, follow, max-snippet:-1, max-image-preview:large, max-video-preview:-1\" \/>\n<link rel=\"canonical\" href=\"https:\/\/latiendadesami.com\/pt-pt\/producto\/alino-de-mi-pueblo\/\" \/>\n<meta property=\"og:locale\" content=\"pt_PT\" \/>\n<meta property=\"og:type\" content=\"article\" \/>\n<meta property=\"og:title\" content=\"Ali\u00f1o de mi pueblo - La Tienda de Sami\" \/>\n<meta property=\"og:description\" content=\"Ali\u00f1o de mi pueblo - As azeitonas Ali\u00f1o de mi pueblo s\u00e3o temperadas com os melhores ingredientes, utilizando uma receita tradicional.\" \/>\n<meta property=\"og:url\" content=\"https:\/\/latiendadesami.com\/pt-pt\/producto\/alino-de-mi-pueblo\/\" \/>\n<meta property=\"og:site_name\" content=\"La Tienda de Sami\" \/>\n<meta property=\"article:publisher\" content=\"https:\/\/www.facebook.com\/La-Tienda-de-Sami-106767417920851\" \/>\n<meta property=\"article:modified_time\" content=\"2022-08-22T12:44:44+00:00\" \/>\n<meta property=\"og:image\" content=\"https:\/\/latiendadesami.com\/wp-content\/uploads\/2021\/03\/sample-less-100kb.jpg\" \/>\n\t<meta property=\"og:image:width\" content=\"750\" \/>\n\t<meta property=\"og:image:height\" content=\"750\" \/>\n\t<meta property=\"og:image:type\" content=\"image\/jpeg\" \/>\n<meta name=\"twitter:card\" content=\"summary_large_image\" \/>\n<meta name=\"twitter:site\" content=\"@SamiSuministros\" \/>\n<meta name=\"twitter:label1\" content=\"Disponibilidade\" \/>\n\t<meta name=\"twitter:data1\" content=\"Em stock\" \/>\n<script type=\"application\/ld+json\" class=\"yoast-schema-graph\">{\"@context\":\"https:\\\/\\\/schema.org\",\"@graph\":[{\"@type\":\"WebPage\",\"@id\":\"https:\\\/\\\/latiendadesami.com\\\/pt-pt\\\/producto\\\/alino-de-mi-pueblo\\\/\",\"url\":\"https:\\\/\\\/latiendadesami.com\\\/pt-pt\\\/producto\\\/alino-de-mi-pueblo\\\/\",\"name\":\"Ali\u00f1o de mi pueblo - La Tienda de Sami\",\"isPartOf\":{\"@id\":\"https:\\\/\\\/latiendadesami.com\\\/#website\"},\"primaryImageOfPage\":{\"@id\":\"https:\\\/\\\/latiendadesami.com\\\/pt-pt\\\/producto\\\/alino-de-mi-pueblo\\\/#primaryimage\"},\"image\":{\"@id\":\"https:\\\/\\\/latiendadesami.com\\\/pt-pt\\\/producto\\\/alino-de-mi-pueblo\\\/#primaryimage\"},\"thumbnailUrl\":\"https:\\\/\\\/latiendadesami.com\\\/wp-content\\\/uploads\\\/2021\\\/03\\\/sample-less-100kb.jpg\",\"datePublished\":\"2020-11-02T08:51:06+00:00\",\"dateModified\":\"2022-08-22T12:44:44+00:00\",\"description\":\"Ali\u00f1o de mi pueblo - As azeitonas Ali\u00f1o de mi pueblo s\u00e3o temperadas com os melhores ingredientes, utilizando uma receita tradicional.\",\"breadcrumb\":{\"@id\":\"https:\\\/\\\/latiendadesami.com\\\/pt-pt\\\/producto\\\/alino-de-mi-pueblo\\\/#breadcrumb\"},\"inLanguage\":\"pt-PT\",\"potentialAction\":[{\"@type\":\"ReadAction\",\"target\":[\"https:\\\/\\\/latiendadesami.com\\\/pt-pt\\\/producto\\\/alino-de-mi-pueblo\\\/\"]}]},{\"@type\":\"ImageObject\",\"inLanguage\":\"pt-PT\",\"@id\":\"https:\\\/\\\/latiendadesami.com\\\/pt-pt\\\/producto\\\/alino-de-mi-pueblo\\\/#primaryimage\",\"url\":\"https:\\\/\\\/latiendadesami.com\\\/wp-content\\\/uploads\\\/2021\\\/03\\\/sample-less-100kb.jpg\",\"contentUrl\":\"https:\\\/\\\/latiendadesami.com\\\/wp-content\\\/uploads\\\/2021\\\/03\\\/sample-less-100kb.jpg\",\"width\":750,\"height\":750,\"caption\":\"LaTiendadeSami - La Tienda De Sami | Produtos alimentares de alta qualidade com o melhor pre\u00e7o\"},{\"@type\":\"BreadcrumbList\",\"@id\":\"https:\\\/\\\/latiendadesami.com\\\/pt-pt\\\/producto\\\/alino-de-mi-pueblo\\\/#breadcrumb\",\"itemListElement\":[{\"@type\":\"ListItem\",\"position\":1,\"name\":\"P\u00e1gina inicial\",\"item\":\"https:\\\/\\\/latiendadesami.com\\\/pt-pt\\\/\"},{\"@type\":\"ListItem\",\"position\":2,\"name\":\"Shop\",\"item\":\"https:\\\/\\\/latiendadesami.com\\\/pt-pt\\\/\"},{\"@type\":\"ListItem\",\"position\":3,\"name\":\"Pickles\",\"item\":\"https:\\\/\\\/latiendadesami.com\\\/pt-pt\\\/categoria-producto\\\/pickles\\\/\"},{\"@type\":\"ListItem\",\"position\":4,\"name\":\"Azeitonas\",\"item\":\"https:\\\/\\\/latiendadesami.com\\\/pt-pt\\\/categoria-producto\\\/azeitonas\\\/\"},{\"@type\":\"ListItem\",\"position\":5,\"name\":\"Ali\u00f1o de mi pueblo\"}]},{\"@type\":\"WebSite\",\"@id\":\"https:\\\/\\\/latiendadesami.com\\\/#website\",\"url\":\"https:\\\/\\\/latiendadesami.com\\\/\",\"name\":\"La Tienda de Sami\",\"description\":\"Conservas, azeitonas, vinho, azeite, queijos\",\"publisher\":{\"@id\":\"https:\\\/\\\/latiendadesami.com\\\/#organization\"},\"potentialAction\":[{\"@type\":\"SearchAction\",\"target\":{\"@type\":\"EntryPoint\",\"urlTemplate\":\"https:\\\/\\\/latiendadesami.com\\\/?s={search_term_string}\"},\"query-input\":{\"@type\":\"PropertyValueSpecification\",\"valueRequired\":true,\"valueName\":\"search_term_string\"}}],\"inLanguage\":\"pt-PT\"},{\"@type\":\"Organization\",\"@id\":\"https:\\\/\\\/latiendadesami.com\\\/#organization\",\"name\":\"La Tienda de Sami\",\"url\":\"https:\\\/\\\/latiendadesami.com\\\/\",\"logo\":{\"@type\":\"ImageObject\",\"inLanguage\":\"pt-PT\",\"@id\":\"https:\\\/\\\/latiendadesami.com\\\/#\\\/schema\\\/logo\\\/image\\\/\",\"url\":\"https:\\\/\\\/latiendadesami.com\\\/wp-content\\\/uploads\\\/2020\\\/11\\\/0012222-1.jpg\",\"contentUrl\":\"https:\\\/\\\/latiendadesami.com\\\/wp-content\\\/uploads\\\/2020\\\/11\\\/0012222-1.jpg\",\"width\":250,\"height\":72,\"caption\":\"La Tienda de Sami\"},\"image\":{\"@id\":\"https:\\\/\\\/latiendadesami.com\\\/#\\\/schema\\\/logo\\\/image\\\/\"},\"sameAs\":[\"https:\\\/\\\/www.facebook.com\\\/La-Tienda-de-Sami-106767417920851\",\"https:\\\/\\\/x.com\\\/SamiSuministros\",\"https:\\\/\\\/www.instagram.com\\\/samisuministros\"]}]}<\/script>\n<meta property=\"og:availability\" content=\"instock\" \/>\n<meta property=\"product:availability\" content=\"instock\" \/>\n<meta property=\"product:retailer_item_id\" content=\"alino-mi-pueblo-900-gr-chicon\" \/>\n<meta property=\"product:condition\" content=\"new\" \/>\n<!-- \/ Yoast SEO plugin. -->","yoast_head_json":{"title":"Ali\u00f1o de mi pueblo - La Tienda de Sami","description":"Ali\u00f1o de mi pueblo - As azeitonas Ali\u00f1o de mi pueblo s\u00e3o temperadas com os melhores ingredientes, utilizando uma receita tradicional.","robots":{"index":"index","follow":"follow","max-snippet":"max-snippet:-1","max-image-preview":"max-image-preview:large","max-video-preview":"max-video-preview:-1"},"canonical":"https:\/\/latiendadesami.com\/pt-pt\/producto\/alino-de-mi-pueblo\/","og_locale":"pt_PT","og_type":"article","og_title":"Ali\u00f1o de mi pueblo - La Tienda de Sami","og_description":"Ali\u00f1o de mi pueblo - As azeitonas Ali\u00f1o de mi pueblo s\u00e3o temperadas com os melhores ingredientes, utilizando uma receita tradicional.","og_url":"https:\/\/latiendadesami.com\/pt-pt\/producto\/alino-de-mi-pueblo\/","og_site_name":"La Tienda de Sami","article_publisher":"https:\/\/www.facebook.com\/La-Tienda-de-Sami-106767417920851","article_modified_time":"2022-08-22T12:44:44+00:00","og_image":[{"width":750,"height":750,"url":"https:\/\/latiendadesami.com\/wp-content\/uploads\/2021\/03\/sample-less-100kb.jpg","type":"image\/jpeg"}],"twitter_card":"summary_large_image","twitter_site":"@SamiSuministros","twitter_misc":{"Disponibilidade":"Em stock"},"schema":{"@context":"https:\/\/schema.org","@graph":[{"@type":"WebPage","@id":"https:\/\/latiendadesami.com\/pt-pt\/producto\/alino-de-mi-pueblo\/","url":"https:\/\/latiendadesami.com\/pt-pt\/producto\/alino-de-mi-pueblo\/","name":"Ali\u00f1o de mi pueblo - La Tienda de Sami","isPartOf":{"@id":"https:\/\/latiendadesami.com\/#website"},"primaryImageOfPage":{"@id":"https:\/\/latiendadesami.com\/pt-pt\/producto\/alino-de-mi-pueblo\/#primaryimage"},"image":{"@id":"https:\/\/latiendadesami.com\/pt-pt\/producto\/alino-de-mi-pueblo\/#primaryimage"},"thumbnailUrl":"https:\/\/latiendadesami.com\/wp-content\/uploads\/2021\/03\/sample-less-100kb.jpg","datePublished":"2020-11-02T08:51:06+00:00","dateModified":"2022-08-22T12:44:44+00:00","description":"Ali\u00f1o de mi pueblo - As azeitonas Ali\u00f1o de mi pueblo s\u00e3o temperadas com os melhores ingredientes, utilizando uma receita tradicional.","breadcrumb":{"@id":"https:\/\/latiendadesami.com\/pt-pt\/producto\/alino-de-mi-pueblo\/#breadcrumb"},"inLanguage":"pt-PT","potentialAction":[{"@type":"ReadAction","target":["https:\/\/latiendadesami.com\/pt-pt\/producto\/alino-de-mi-pueblo\/"]}]},{"@type":"ImageObject","inLanguage":"pt-PT","@id":"https:\/\/latiendadesami.com\/pt-pt\/producto\/alino-de-mi-pueblo\/#primaryimage","url":"https:\/\/latiendadesami.com\/wp-content\/uploads\/2021\/03\/sample-less-100kb.jpg","contentUrl":"https:\/\/latiendadesami.com\/wp-content\/uploads\/2021\/03\/sample-less-100kb.jpg","width":750,"height":750,"caption":"LaTiendadeSami - La Tienda De Sami | Produtos alimentares de alta qualidade com o melhor pre\u00e7o"},{"@type":"BreadcrumbList","@id":"https:\/\/latiendadesami.com\/pt-pt\/producto\/alino-de-mi-pueblo\/#breadcrumb","itemListElement":[{"@type":"ListItem","position":1,"name":"P\u00e1gina inicial","item":"https:\/\/latiendadesami.com\/pt-pt\/"},{"@type":"ListItem","position":2,"name":"Shop","item":"https:\/\/latiendadesami.com\/pt-pt\/"},{"@type":"ListItem","position":3,"name":"Pickles","item":"https:\/\/latiendadesami.com\/pt-pt\/categoria-producto\/pickles\/"},{"@type":"ListItem","position":4,"name":"Azeitonas","item":"https:\/\/latiendadesami.com\/pt-pt\/categoria-producto\/azeitonas\/"},{"@type":"ListItem","position":5,"name":"Ali\u00f1o de mi pueblo"}]},{"@type":"WebSite","@id":"https:\/\/latiendadesami.com\/#website","url":"https:\/\/latiendadesami.com\/","name":"La Tienda de Sami","description":"Conservas, azeitonas, vinho, azeite, queijos","publisher":{"@id":"https:\/\/latiendadesami.com\/#organization"},"potentialAction":[{"@type":"SearchAction","target":{"@type":"EntryPoint","urlTemplate":"https:\/\/latiendadesami.com\/?s={search_term_string}"},"query-input":{"@type":"PropertyValueSpecification","valueRequired":true,"valueName":"search_term_string"}}],"inLanguage":"pt-PT"},{"@type":"Organization","@id":"https:\/\/latiendadesami.com\/#organization","name":"La Tienda de Sami","url":"https:\/\/latiendadesami.com\/","logo":{"@type":"ImageObject","inLanguage":"pt-PT","@id":"https:\/\/latiendadesami.com\/#\/schema\/logo\/image\/","url":"https:\/\/latiendadesami.com\/wp-content\/uploads\/2020\/11\/0012222-1.jpg","contentUrl":"https:\/\/latiendadesami.com\/wp-content\/uploads\/2020\/11\/0012222-1.jpg","width":250,"height":72,"caption":"La Tienda de Sami"},"image":{"@id":"https:\/\/latiendadesami.com\/#\/schema\/logo\/image\/"},"sameAs":["https:\/\/www.facebook.com\/La-Tienda-de-Sami-106767417920851","https:\/\/x.com\/SamiSuministros","https:\/\/www.instagram.com\/samisuministros"]}]},"og_availability":"instock","product_availability":"instock","product_retailer_item_id":"alino-mi-pueblo-900-gr-chicon","product_condition":"new"},"_links":{"self":[{"href":"https:\/\/latiendadesami.com\/pt-pt\/wp-json\/wp\/v2\/product\/11750","targetHints":{"allow":["GET"]}}],"collection":[{"href":"https:\/\/latiendadesami.com\/pt-pt\/wp-json\/wp\/v2\/product"}],"about":[{"href":"https:\/\/latiendadesami.com\/pt-pt\/wp-json\/wp\/v2\/types\/product"}],"wp:featuredmedia":[{"embeddable":true,"href":"https:\/\/latiendadesami.com\/pt-pt\/wp-json\/wp\/v2\/media\/10826"}],"wp:attachment":[{"href":"https:\/\/latiendadesami.com\/pt-pt\/wp-json\/wp\/v2\/media?parent=11750"}],"wp:term":[{"taxonomy":"product_brand","embeddable":true,"href":"https:\/\/latiendadesami.com\/pt-pt\/wp-json\/wp\/v2\/product_brand?post=11750"},{"taxonomy":"product_cat","embeddable":true,"href":"https:\/\/latiendadesami.com\/pt-pt\/wp-json\/wp\/v2\/product_cat?post=11750"},{"taxonomy":"product_tag","embeddable":true,"href":"https:\/\/latiendadesami.com\/pt-pt\/wp-json\/wp\/v2\/product_tag?post=11750"}],"curies":[{"name":"wp","href":"https:\/\/api.w.org\/{rel}","templated":true}]}}