{"id":11926,"date":"2021-05-18T11:41:17","date_gmt":"2021-05-18T10:41:17","guid":{"rendered":"https:\/\/latiendadesami.com\/producto\/filetes-de-cavala-950-gr\/"},"modified":"2022-08-23T09:46:19","modified_gmt":"2022-08-23T07:46:19","slug":"filetes-de-cavala-950-gr","status":"publish","type":"product","link":"https:\/\/latiendadesami.com\/pt-pt\/producto\/filetes-de-cavala-950-gr\/","title":{"rendered":"Filetes de cavala 950 gr"},"content":{"rendered":"<p>O <a href=\"https:\/\/conservasarlequin.com\/arlequin\/\" target=\"_blank\" rel=\"noopener\">Arlequ\u00edn<\/a> filetes de cavala 950gr \u00e9 um produto enlatado feito de uma forma tradicional.<\/p>\n<p><strong>Peso l\u00edquido \/ Peso drenado: <\/strong>900g \/ 600g<br \/>\n<strong>Vida de prateleira:<\/strong> 5 anos<br \/>\n<strong>Conserva\u00e7\u00e3o:<\/strong> Ambiente<\/p>\n<p>A miss\u00e3o da Conservas <a href=\"https:\/\/latiendadesami.com\/marca\/arlequin\/\">Arlequ\u00edn<\/a> \u00e9 oferecer um grande produto, o melhor servi\u00e7o e uma vasta gama de peixe enlatado ao melhor pre\u00e7o.<\/p>\n<p>S\u00e3o tamb\u00e9m especializados em Anchovas, Anchovas, Anchovas, Bonito, Atum Albacora, Mexilh\u00f5es, Cavala, Filetes de Arlequim 950gr e Sardinhas.<\/p>\n<p>Por exemplo, a Comidista no jornal El Pa\u00eds disse sobre a ventresca: &#8220;\u00c9 t\u00e3o tenra, quase cremosa, que te faz querer casar e viver feliz at\u00e9 que o Senhor te leve&#8221;.<\/p>\n<h4>Principais benef\u00edcios dos alimentos enlatados<\/h4>\n<ol>\n<li>Preservam todas as propriedades nutricionais dos pr\u00f3prios alimentos. Os alimentos ret\u00eam a sua frescura.<\/li>\n<li>Os alimentos utilizados s\u00e3o saud\u00e1veis e portanto adequados para uma dieta \u00f3ptima devido ao seu elevado teor de vitaminas e prote\u00ednas.<\/li>\n<li>Estes produtos t\u00eam uma dura\u00e7\u00e3o de vida mais longa (2-5 anos \u00e9 t\u00edpico).<\/li>\n<li>As conservas s\u00e3o muito f\u00e1ceis de armazenar, uma vez que a sua embalagem permite a sua aplica\u00e7\u00e3o.<\/li>\n<\/ol>\n<p>Se quiser comprar atum ou qualquer outro tipo de <a href=\"https:\/\/latiendadesami.com\/categoria-producto\/conservas\/\" rel=\"noopener\">conservas<\/a>, n\u00e3o hesite em dar uma olhada no nosso cat\u00e1logo online para ver a grande variedade de <a href=\"https:\/\/latiendadesami.com\/categoria-producto\/conservas\/atun-y-bonito\/\">atum<\/a> que temos.<\/p>\n<p>Escreva-nos para mais informa\u00e7\u00f5es.<\/p>\n","protected":false},"excerpt":{"rendered":"<p>O Arlequ\u00edn filetes de cavala 950gr \u00e9 um produto enlatado feito de uma forma tradicional. Peso l\u00edquido \/ Peso drenado: 900g \/ 600g Vida de prateleira: 5 anos Conserva\u00e7\u00e3o: Ambiente A miss\u00e3o da Conservas Arlequ\u00edn \u00e9 oferecer um grande produto, o melhor servi\u00e7o e uma vasta gama de peixe enlatado ao melhor pre\u00e7o. S\u00e3o tamb\u00e9m [&hellip;]<\/p>\n","protected":false},"featured_media":15456,"template":"","meta":{"_et_pb_use_builder":"","_et_pb_old_content":"","_et_gb_content_width":""},"product_brand":[],"product_cat":[367,442],"product_tag":[],"class_list":{"0":"post-11926","1":"product","2":"type-product","3":"status-publish","4":"has-post-thumbnail","6":"product_cat-conservas-pt-pt","7":"product_cat-mackerel","8":"pa_cantidad-pacote-de-12-unidades-poupanca","9":"pa_cantidad-unidade-pt-pt","11":"first","12":"instock","13":"sale","14":"taxable","15":"shipping-taxable","16":"purchasable","17":"product-type-variable"},"yoast_head":"<!-- This site is optimized with the Yoast SEO plugin v27.3 - https:\/\/yoast.com\/product\/yoast-seo-wordpress\/ -->\n<title>Filetes de Cavala Harlequim 950gr - La Tienda de Sami<\/title>\n<meta name=\"description\" content=\"O Arlequ\u00edn filetes de cavala 950gr \u00e9 um produto enlatado feito de uma forma tradicional. Mais Qualidade ao melhor pre\u00e7o.\" \/>\n<meta name=\"robots\" content=\"index, follow, max-snippet:-1, max-image-preview:large, max-video-preview:-1\" \/>\n<link rel=\"canonical\" href=\"https:\/\/latiendadesami.com\/producto\/caballa-filetes-arlequin\/\" \/>\n<meta property=\"og:locale\" content=\"pt_PT\" \/>\n<meta property=\"og:type\" content=\"article\" \/>\n<meta property=\"og:title\" content=\"Filetes de Cavala Harlequim 950gr - La Tienda de Sami\" \/>\n<meta property=\"og:description\" content=\"O Arlequ\u00edn filetes de cavala 950gr \u00e9 um produto enlatado feito de uma forma tradicional. Mais Qualidade ao melhor pre\u00e7o.\" \/>\n<meta property=\"og:url\" content=\"https:\/\/latiendadesami.com\/producto\/caballa-filetes-arlequin\/\" \/>\n<meta property=\"og:site_name\" content=\"La Tienda de Sami\" \/>\n<meta property=\"article:publisher\" content=\"https:\/\/www.facebook.com\/La-Tienda-de-Sami-106767417920851\" \/>\n<meta property=\"article:modified_time\" content=\"2022-08-23T07:46:19+00:00\" \/>\n<meta property=\"og:image\" content=\"http:\/\/latiendadesami.com\/wp-content\/uploads\/2023\/03\/filetes-de-caballa-900g-arlequin-1.jpg\" \/>\n\t<meta property=\"og:image:width\" content=\"750\" \/>\n\t<meta property=\"og:image:height\" content=\"750\" \/>\n\t<meta property=\"og:image:type\" content=\"image\/jpeg\" \/>\n<meta name=\"twitter:card\" content=\"summary_large_image\" \/>\n<meta name=\"twitter:site\" content=\"@SamiSuministros\" \/>\n<meta name=\"twitter:label1\" content=\"Disponibilidade\" \/>\n\t<meta name=\"twitter:data1\" content=\"Em stock\" \/>\n<script type=\"application\/ld+json\" class=\"yoast-schema-graph\">{\"@context\":\"https:\\\/\\\/schema.org\",\"@graph\":[{\"@type\":\"WebPage\",\"@id\":\"https:\\\/\\\/latiendadesami.com\\\/producto\\\/caballa-filetes-arlequin\\\/\",\"url\":\"https:\\\/\\\/latiendadesami.com\\\/producto\\\/caballa-filetes-arlequin\\\/\",\"name\":\"Filetes de Cavala Harlequim 950gr - La Tienda de Sami\",\"isPartOf\":{\"@id\":\"https:\\\/\\\/latiendadesami.com\\\/#website\"},\"primaryImageOfPage\":{\"@id\":\"https:\\\/\\\/latiendadesami.com\\\/producto\\\/caballa-filetes-arlequin\\\/#primaryimage\"},\"image\":{\"@id\":\"https:\\\/\\\/latiendadesami.com\\\/producto\\\/caballa-filetes-arlequin\\\/#primaryimage\"},\"thumbnailUrl\":\"https:\\\/\\\/latiendadesami.com\\\/wp-content\\\/uploads\\\/2023\\\/03\\\/filetes-de-caballa-900g-arlequin-1.jpg\",\"datePublished\":\"2021-05-18T10:41:17+00:00\",\"dateModified\":\"2022-08-23T07:46:19+00:00\",\"description\":\"O Arlequ\u00edn filetes de cavala 950gr \u00e9 um produto enlatado feito de uma forma tradicional. Mais Qualidade ao melhor pre\u00e7o.\",\"breadcrumb\":{\"@id\":\"https:\\\/\\\/latiendadesami.com\\\/producto\\\/caballa-filetes-arlequin\\\/#breadcrumb\"},\"inLanguage\":\"pt-PT\",\"potentialAction\":[{\"@type\":\"ReadAction\",\"target\":[\"https:\\\/\\\/latiendadesami.com\\\/producto\\\/caballa-filetes-arlequin\\\/\"]}]},{\"@type\":\"ImageObject\",\"inLanguage\":\"pt-PT\",\"@id\":\"https:\\\/\\\/latiendadesami.com\\\/producto\\\/caballa-filetes-arlequin\\\/#primaryimage\",\"url\":\"https:\\\/\\\/latiendadesami.com\\\/wp-content\\\/uploads\\\/2023\\\/03\\\/filetes-de-caballa-900g-arlequin-1.jpg\",\"contentUrl\":\"https:\\\/\\\/latiendadesami.com\\\/wp-content\\\/uploads\\\/2023\\\/03\\\/filetes-de-caballa-900g-arlequin-1.jpg\",\"width\":750,\"height\":750,\"caption\":\"filetes-de-caballa-900g-arlequin\"},{\"@type\":\"BreadcrumbList\",\"@id\":\"https:\\\/\\\/latiendadesami.com\\\/producto\\\/caballa-filetes-arlequin\\\/#breadcrumb\",\"itemListElement\":[{\"@type\":\"ListItem\",\"position\":1,\"name\":\"P\u00e1gina inicial\",\"item\":\"https:\\\/\\\/latiendadesami.com\\\/pt-pt\\\/\"},{\"@type\":\"ListItem\",\"position\":2,\"name\":\"Shop\",\"item\":\"https:\\\/\\\/latiendadesami.com\\\/pt-pt\\\/\"},{\"@type\":\"ListItem\",\"position\":3,\"name\":\"Conservas\",\"item\":\"https:\\\/\\\/latiendadesami.com\\\/pt-pt\\\/categoria-producto\\\/conservas-pt-pt\\\/\"},{\"@type\":\"ListItem\",\"position\":4,\"name\":\"Mackerel\",\"item\":\"https:\\\/\\\/latiendadesami.com\\\/pt-pt\\\/categoria-producto\\\/mackerel\\\/\"},{\"@type\":\"ListItem\",\"position\":5,\"name\":\"Filetes de cavala 950 gr\"}]},{\"@type\":\"WebSite\",\"@id\":\"https:\\\/\\\/latiendadesami.com\\\/#website\",\"url\":\"https:\\\/\\\/latiendadesami.com\\\/\",\"name\":\"La Tienda de Sami\",\"description\":\"Conservas, azeitonas, vinho, azeite, queijos\",\"publisher\":{\"@id\":\"https:\\\/\\\/latiendadesami.com\\\/#organization\"},\"potentialAction\":[{\"@type\":\"SearchAction\",\"target\":{\"@type\":\"EntryPoint\",\"urlTemplate\":\"https:\\\/\\\/latiendadesami.com\\\/?s={search_term_string}\"},\"query-input\":{\"@type\":\"PropertyValueSpecification\",\"valueRequired\":true,\"valueName\":\"search_term_string\"}}],\"inLanguage\":\"pt-PT\"},{\"@type\":\"Organization\",\"@id\":\"https:\\\/\\\/latiendadesami.com\\\/#organization\",\"name\":\"La Tienda de Sami\",\"url\":\"https:\\\/\\\/latiendadesami.com\\\/\",\"logo\":{\"@type\":\"ImageObject\",\"inLanguage\":\"pt-PT\",\"@id\":\"https:\\\/\\\/latiendadesami.com\\\/#\\\/schema\\\/logo\\\/image\\\/\",\"url\":\"https:\\\/\\\/latiendadesami.com\\\/wp-content\\\/uploads\\\/2020\\\/11\\\/0012222-1.jpg\",\"contentUrl\":\"https:\\\/\\\/latiendadesami.com\\\/wp-content\\\/uploads\\\/2020\\\/11\\\/0012222-1.jpg\",\"width\":250,\"height\":72,\"caption\":\"La Tienda de Sami\"},\"image\":{\"@id\":\"https:\\\/\\\/latiendadesami.com\\\/#\\\/schema\\\/logo\\\/image\\\/\"},\"sameAs\":[\"https:\\\/\\\/www.facebook.com\\\/La-Tienda-de-Sami-106767417920851\",\"https:\\\/\\\/x.com\\\/SamiSuministros\",\"https:\\\/\\\/www.instagram.com\\\/samisuministros\"]}]}<\/script>\n<meta property=\"og:availability\" content=\"instock\" \/>\n<meta property=\"product:availability\" content=\"instock\" \/>\n<meta property=\"product:retailer_item_id\" content=\"caballa-filetes-950-gr-aceite-vegetal\" \/>\n<meta property=\"product:condition\" content=\"new\" \/>\n<!-- \/ Yoast SEO plugin. -->","yoast_head_json":{"title":"Filetes de Cavala Harlequim 950gr - La Tienda de Sami","description":"O Arlequ\u00edn filetes de cavala 950gr \u00e9 um produto enlatado feito de uma forma tradicional. Mais Qualidade ao melhor pre\u00e7o.","robots":{"index":"index","follow":"follow","max-snippet":"max-snippet:-1","max-image-preview":"max-image-preview:large","max-video-preview":"max-video-preview:-1"},"canonical":"https:\/\/latiendadesami.com\/producto\/caballa-filetes-arlequin\/","og_locale":"pt_PT","og_type":"article","og_title":"Filetes de Cavala Harlequim 950gr - La Tienda de Sami","og_description":"O Arlequ\u00edn filetes de cavala 950gr \u00e9 um produto enlatado feito de uma forma tradicional. Mais Qualidade ao melhor pre\u00e7o.","og_url":"https:\/\/latiendadesami.com\/producto\/caballa-filetes-arlequin\/","og_site_name":"La Tienda de Sami","article_publisher":"https:\/\/www.facebook.com\/La-Tienda-de-Sami-106767417920851","article_modified_time":"2022-08-23T07:46:19+00:00","og_image":[{"width":750,"height":750,"url":"http:\/\/latiendadesami.com\/wp-content\/uploads\/2023\/03\/filetes-de-caballa-900g-arlequin-1.jpg","type":"image\/jpeg"}],"twitter_card":"summary_large_image","twitter_site":"@SamiSuministros","twitter_misc":{"Disponibilidade":"Em stock"},"schema":{"@context":"https:\/\/schema.org","@graph":[{"@type":"WebPage","@id":"https:\/\/latiendadesami.com\/producto\/caballa-filetes-arlequin\/","url":"https:\/\/latiendadesami.com\/producto\/caballa-filetes-arlequin\/","name":"Filetes de Cavala Harlequim 950gr - La Tienda de Sami","isPartOf":{"@id":"https:\/\/latiendadesami.com\/#website"},"primaryImageOfPage":{"@id":"https:\/\/latiendadesami.com\/producto\/caballa-filetes-arlequin\/#primaryimage"},"image":{"@id":"https:\/\/latiendadesami.com\/producto\/caballa-filetes-arlequin\/#primaryimage"},"thumbnailUrl":"https:\/\/latiendadesami.com\/wp-content\/uploads\/2023\/03\/filetes-de-caballa-900g-arlequin-1.jpg","datePublished":"2021-05-18T10:41:17+00:00","dateModified":"2022-08-23T07:46:19+00:00","description":"O Arlequ\u00edn filetes de cavala 950gr \u00e9 um produto enlatado feito de uma forma tradicional. Mais Qualidade ao melhor pre\u00e7o.","breadcrumb":{"@id":"https:\/\/latiendadesami.com\/producto\/caballa-filetes-arlequin\/#breadcrumb"},"inLanguage":"pt-PT","potentialAction":[{"@type":"ReadAction","target":["https:\/\/latiendadesami.com\/producto\/caballa-filetes-arlequin\/"]}]},{"@type":"ImageObject","inLanguage":"pt-PT","@id":"https:\/\/latiendadesami.com\/producto\/caballa-filetes-arlequin\/#primaryimage","url":"https:\/\/latiendadesami.com\/wp-content\/uploads\/2023\/03\/filetes-de-caballa-900g-arlequin-1.jpg","contentUrl":"https:\/\/latiendadesami.com\/wp-content\/uploads\/2023\/03\/filetes-de-caballa-900g-arlequin-1.jpg","width":750,"height":750,"caption":"filetes-de-caballa-900g-arlequin"},{"@type":"BreadcrumbList","@id":"https:\/\/latiendadesami.com\/producto\/caballa-filetes-arlequin\/#breadcrumb","itemListElement":[{"@type":"ListItem","position":1,"name":"P\u00e1gina inicial","item":"https:\/\/latiendadesami.com\/pt-pt\/"},{"@type":"ListItem","position":2,"name":"Shop","item":"https:\/\/latiendadesami.com\/pt-pt\/"},{"@type":"ListItem","position":3,"name":"Conservas","item":"https:\/\/latiendadesami.com\/pt-pt\/categoria-producto\/conservas-pt-pt\/"},{"@type":"ListItem","position":4,"name":"Mackerel","item":"https:\/\/latiendadesami.com\/pt-pt\/categoria-producto\/mackerel\/"},{"@type":"ListItem","position":5,"name":"Filetes de cavala 950 gr"}]},{"@type":"WebSite","@id":"https:\/\/latiendadesami.com\/#website","url":"https:\/\/latiendadesami.com\/","name":"La Tienda de Sami","description":"Conservas, azeitonas, vinho, azeite, queijos","publisher":{"@id":"https:\/\/latiendadesami.com\/#organization"},"potentialAction":[{"@type":"SearchAction","target":{"@type":"EntryPoint","urlTemplate":"https:\/\/latiendadesami.com\/?s={search_term_string}"},"query-input":{"@type":"PropertyValueSpecification","valueRequired":true,"valueName":"search_term_string"}}],"inLanguage":"pt-PT"},{"@type":"Organization","@id":"https:\/\/latiendadesami.com\/#organization","name":"La Tienda de Sami","url":"https:\/\/latiendadesami.com\/","logo":{"@type":"ImageObject","inLanguage":"pt-PT","@id":"https:\/\/latiendadesami.com\/#\/schema\/logo\/image\/","url":"https:\/\/latiendadesami.com\/wp-content\/uploads\/2020\/11\/0012222-1.jpg","contentUrl":"https:\/\/latiendadesami.com\/wp-content\/uploads\/2020\/11\/0012222-1.jpg","width":250,"height":72,"caption":"La Tienda de Sami"},"image":{"@id":"https:\/\/latiendadesami.com\/#\/schema\/logo\/image\/"},"sameAs":["https:\/\/www.facebook.com\/La-Tienda-de-Sami-106767417920851","https:\/\/x.com\/SamiSuministros","https:\/\/www.instagram.com\/samisuministros"]}]},"og_availability":"instock","product_availability":"instock","product_retailer_item_id":"caballa-filetes-950-gr-aceite-vegetal","product_condition":"new"},"_links":{"self":[{"href":"https:\/\/latiendadesami.com\/pt-pt\/wp-json\/wp\/v2\/product\/11926","targetHints":{"allow":["GET"]}}],"collection":[{"href":"https:\/\/latiendadesami.com\/pt-pt\/wp-json\/wp\/v2\/product"}],"about":[{"href":"https:\/\/latiendadesami.com\/pt-pt\/wp-json\/wp\/v2\/types\/product"}],"wp:featuredmedia":[{"embeddable":true,"href":"https:\/\/latiendadesami.com\/pt-pt\/wp-json\/wp\/v2\/media\/15456"}],"wp:attachment":[{"href":"https:\/\/latiendadesami.com\/pt-pt\/wp-json\/wp\/v2\/media?parent=11926"}],"wp:term":[{"taxonomy":"product_brand","embeddable":true,"href":"https:\/\/latiendadesami.com\/pt-pt\/wp-json\/wp\/v2\/product_brand?post=11926"},{"taxonomy":"product_cat","embeddable":true,"href":"https:\/\/latiendadesami.com\/pt-pt\/wp-json\/wp\/v2\/product_cat?post=11926"},{"taxonomy":"product_tag","embeddable":true,"href":"https:\/\/latiendadesami.com\/pt-pt\/wp-json\/wp\/v2\/product_tag?post=11926"}],"curies":[{"name":"wp","href":"https:\/\/api.w.org\/{rel}","templated":true}]}}