{"id":12045,"date":"2021-06-22T10:06:46","date_gmt":"2021-06-22T08:06:46","guid":{"rendered":"https:\/\/latiendadesami.com\/producto\/pimenta-gorda-recheada-45-kg\/"},"modified":"2022-08-23T09:48:33","modified_gmt":"2022-08-23T07:48:33","slug":"pimenta-gorda-recheada-45-kg","status":"publish","type":"product","link":"https:\/\/latiendadesami.com\/pt-pt\/producto\/pimenta-gorda-recheada-45-kg\/","title":{"rendered":"Pimenta gorda recheada 4,5 kg"},"content":{"rendered":"<p>A azeitona Gordal recheada com pimenta caracteriza-se pelo seu <a href=\"https:\/\/www.google.com\/search?q=aceituna+gordal+rellena+pimiento&amp;sxsrf=APq-WBv3SHhY2lixgNM1OcDOGZ3fBcAAnA:1644320742695&amp;source=lnms&amp;tbm=isch&amp;sa=X&amp;ved=2ahUKEwjd-o6OhPD1AhUW_7sIHdzsA6EQ_AUoAXoECAIQAw&amp;biw=1577&amp;bih=780&amp;dpr=1\" target=\"_blank\" rel=\"noopener\">tamanho<\/a>, uma vez que \u00e9 normalmente maior do que outras variedades.<\/p>\n<p>Isto torna-a ideal para servir \u00e0 mesa com qualquer tipo de molho.<\/p>\n<p>Neste caso, \u00e9 preenchido com alimentos t\u00edpicos, tais como pimentos.<\/p>\n<p>O nome <em>&#8220;Aceituna Gordal rellena pimiento<\/em> &#8221; vem do seu tamanho e pode dizer-se que se destaca pela sua apar\u00eancia atraente e apelativa.<\/p>\n<p>Embora a sua origem esteja na Andaluzia, o consumo de <strong>azeitonas gordas <\/strong>caseiras espalhou-se pelos Estados Unidos, sendo o local onde se tornou mais difundido fora de Espanha.<\/p>\n<h3>Benef\u00edcios das Azeitonas Recheadas com Pimiento<\/h3>\n<p>Conhecia os m\u00faltiplos benef\u00edcios destas <strong>azeitonas<\/strong>? Estes t\u00eam um alto poder de preven\u00e7\u00e3o de doen\u00e7as card\u00edacas e circulat\u00f3rias em geral.<\/p>\n<p>Isto deve-se ao seu elevado teor de gorduras insaturadas. \u00c9 tamb\u00e9m um alimento que cont\u00e9m muito ferro e fibra e \u00e9 altamente saciante, tornando-o um petisco perfeito.<\/p>\n<p>Se quiser comprar azeitonas ou qualquer outro tipo de <a href=\"https:\/\/latiendadesami.com\/categoria-producto\/encurtidos\/\" rel=\"noopener\">pickles<\/a>, n\u00e3o hesite em consultar o nosso cat\u00e1logo online para ver a grande variedade de <a href=\"https:\/\/latiendadesami.com\/categoria-producto\/encurtidos\/aceitunas\/\">azeitonas<\/a> que temos.<\/p>\n","protected":false},"excerpt":{"rendered":"<p>A azeitona Gordal recheada com pimenta caracteriza-se pelo seu tamanho, uma vez que \u00e9 normalmente maior do que outras variedades. Isto torna-a ideal para servir \u00e0 mesa com qualquer tipo de molho. Neste caso, \u00e9 preenchido com alimentos t\u00edpicos, tais como pimentos. O nome &#8220;Aceituna Gordal rellena pimiento &#8221; vem do seu tamanho e pode [&hellip;]<\/p>\n","protected":false},"featured_media":11143,"template":"","meta":{"_et_pb_use_builder":"","_et_pb_old_content":"","_et_gb_content_width":""},"product_brand":[],"product_cat":[338,337],"product_tag":[371,359],"class_list":{"0":"post-12045","1":"product","2":"type-product","3":"status-publish","4":"has-post-thumbnail","6":"product_cat-azeitonas","7":"product_cat-pickles","8":"product_tag-anchovy","9":"product_tag-gherkin","10":"pa_cantidad-unidade-pt-pt","12":"first","13":"outofstock","14":"taxable","15":"shipping-taxable","16":"purchasable","17":"product-type-variable"},"yoast_head":"<!-- This site is optimized with the Yoast SEO plugin v27.3 - https:\/\/yoast.com\/product\/yoast-seo-wordpress\/ -->\n<title>Pimenta gorda recheada 4,5 kg - La Tienda de Sami<\/title>\n<meta name=\"description\" content=\"A azeitona Gordal recheada com pimenta caracteriza-se pelo seu tamanho, uma vez que \u00e9 normalmente maior do que outras variedades.\" \/>\n<meta name=\"robots\" content=\"index, follow, max-snippet:-1, max-image-preview:large, max-video-preview:-1\" \/>\n<link rel=\"canonical\" href=\"https:\/\/latiendadesami.com\/producto\/gordal-rellena-pimiento\/\" \/>\n<meta property=\"og:locale\" content=\"pt_PT\" \/>\n<meta property=\"og:type\" content=\"article\" \/>\n<meta property=\"og:title\" content=\"Pimenta gorda recheada 4,5 kg - La Tienda de Sami\" \/>\n<meta property=\"og:description\" content=\"A azeitona Gordal recheada com pimenta caracteriza-se pelo seu tamanho, uma vez que \u00e9 normalmente maior do que outras variedades.\" \/>\n<meta property=\"og:url\" content=\"https:\/\/latiendadesami.com\/producto\/gordal-rellena-pimiento\/\" \/>\n<meta property=\"og:site_name\" content=\"La Tienda de Sami\" \/>\n<meta property=\"article:publisher\" content=\"https:\/\/www.facebook.com\/La-Tienda-de-Sami-106767417920851\" \/>\n<meta property=\"article:modified_time\" content=\"2022-08-23T07:48:33+00:00\" \/>\n<meta property=\"og:image\" content=\"http:\/\/latiendadesami.com\/wp-content\/uploads\/2021\/06\/gordal-pimiento.jpg\" \/>\n\t<meta property=\"og:image:width\" content=\"750\" \/>\n\t<meta property=\"og:image:height\" content=\"750\" \/>\n\t<meta property=\"og:image:type\" content=\"image\/jpeg\" \/>\n<meta name=\"twitter:card\" content=\"summary_large_image\" \/>\n<meta name=\"twitter:site\" content=\"@SamiSuministros\" \/>\n<meta name=\"twitter:label1\" content=\"Disponibilidade\" \/>\n\t<meta name=\"twitter:data1\" content=\"Esgotado\" \/>\n<script type=\"application\/ld+json\" class=\"yoast-schema-graph\">{\"@context\":\"https:\\\/\\\/schema.org\",\"@graph\":[{\"@type\":\"WebPage\",\"@id\":\"https:\\\/\\\/latiendadesami.com\\\/producto\\\/gordal-rellena-pimiento\\\/\",\"url\":\"https:\\\/\\\/latiendadesami.com\\\/producto\\\/gordal-rellena-pimiento\\\/\",\"name\":\"Pimenta gorda recheada 4,5 kg - La Tienda de Sami\",\"isPartOf\":{\"@id\":\"https:\\\/\\\/latiendadesami.com\\\/#website\"},\"primaryImageOfPage\":{\"@id\":\"https:\\\/\\\/latiendadesami.com\\\/producto\\\/gordal-rellena-pimiento\\\/#primaryimage\"},\"image\":{\"@id\":\"https:\\\/\\\/latiendadesami.com\\\/producto\\\/gordal-rellena-pimiento\\\/#primaryimage\"},\"thumbnailUrl\":\"https:\\\/\\\/latiendadesami.com\\\/wp-content\\\/uploads\\\/2021\\\/06\\\/gordal-pimiento.jpg\",\"datePublished\":\"2021-06-22T08:06:46+00:00\",\"dateModified\":\"2022-08-23T07:48:33+00:00\",\"description\":\"A azeitona Gordal recheada com pimenta caracteriza-se pelo seu tamanho, uma vez que \u00e9 normalmente maior do que outras variedades.\",\"breadcrumb\":{\"@id\":\"https:\\\/\\\/latiendadesami.com\\\/producto\\\/gordal-rellena-pimiento\\\/#breadcrumb\"},\"inLanguage\":\"pt-PT\",\"potentialAction\":[{\"@type\":\"ReadAction\",\"target\":[\"https:\\\/\\\/latiendadesami.com\\\/producto\\\/gordal-rellena-pimiento\\\/\"]}]},{\"@type\":\"ImageObject\",\"inLanguage\":\"pt-PT\",\"@id\":\"https:\\\/\\\/latiendadesami.com\\\/producto\\\/gordal-rellena-pimiento\\\/#primaryimage\",\"url\":\"https:\\\/\\\/latiendadesami.com\\\/wp-content\\\/uploads\\\/2021\\\/06\\\/gordal-pimiento.jpg\",\"contentUrl\":\"https:\\\/\\\/latiendadesami.com\\\/wp-content\\\/uploads\\\/2021\\\/06\\\/gordal-pimiento.jpg\",\"width\":750,\"height\":750,\"caption\":\"Pimenta recheada de Gordal\"},{\"@type\":\"BreadcrumbList\",\"@id\":\"https:\\\/\\\/latiendadesami.com\\\/producto\\\/gordal-rellena-pimiento\\\/#breadcrumb\",\"itemListElement\":[{\"@type\":\"ListItem\",\"position\":1,\"name\":\"P\u00e1gina inicial\",\"item\":\"https:\\\/\\\/latiendadesami.com\\\/pt-pt\\\/\"},{\"@type\":\"ListItem\",\"position\":2,\"name\":\"Shop\",\"item\":\"https:\\\/\\\/latiendadesami.com\\\/pt-pt\\\/\"},{\"@type\":\"ListItem\",\"position\":3,\"name\":\"Pickles\",\"item\":\"https:\\\/\\\/latiendadesami.com\\\/pt-pt\\\/categoria-producto\\\/pickles\\\/\"},{\"@type\":\"ListItem\",\"position\":4,\"name\":\"Azeitonas\",\"item\":\"https:\\\/\\\/latiendadesami.com\\\/pt-pt\\\/categoria-producto\\\/azeitonas\\\/\"},{\"@type\":\"ListItem\",\"position\":5,\"name\":\"Pimenta gorda recheada 4,5 kg\"}]},{\"@type\":\"WebSite\",\"@id\":\"https:\\\/\\\/latiendadesami.com\\\/#website\",\"url\":\"https:\\\/\\\/latiendadesami.com\\\/\",\"name\":\"La Tienda de Sami\",\"description\":\"Conservas, azeitonas, vinho, azeite, queijos\",\"publisher\":{\"@id\":\"https:\\\/\\\/latiendadesami.com\\\/#organization\"},\"potentialAction\":[{\"@type\":\"SearchAction\",\"target\":{\"@type\":\"EntryPoint\",\"urlTemplate\":\"https:\\\/\\\/latiendadesami.com\\\/?s={search_term_string}\"},\"query-input\":{\"@type\":\"PropertyValueSpecification\",\"valueRequired\":true,\"valueName\":\"search_term_string\"}}],\"inLanguage\":\"pt-PT\"},{\"@type\":\"Organization\",\"@id\":\"https:\\\/\\\/latiendadesami.com\\\/#organization\",\"name\":\"La Tienda de Sami\",\"url\":\"https:\\\/\\\/latiendadesami.com\\\/\",\"logo\":{\"@type\":\"ImageObject\",\"inLanguage\":\"pt-PT\",\"@id\":\"https:\\\/\\\/latiendadesami.com\\\/#\\\/schema\\\/logo\\\/image\\\/\",\"url\":\"https:\\\/\\\/latiendadesami.com\\\/wp-content\\\/uploads\\\/2020\\\/11\\\/0012222-1.jpg\",\"contentUrl\":\"https:\\\/\\\/latiendadesami.com\\\/wp-content\\\/uploads\\\/2020\\\/11\\\/0012222-1.jpg\",\"width\":250,\"height\":72,\"caption\":\"La Tienda de Sami\"},\"image\":{\"@id\":\"https:\\\/\\\/latiendadesami.com\\\/#\\\/schema\\\/logo\\\/image\\\/\"},\"sameAs\":[\"https:\\\/\\\/www.facebook.com\\\/La-Tienda-de-Sami-106767417920851\",\"https:\\\/\\\/x.com\\\/SamiSuministros\",\"https:\\\/\\\/www.instagram.com\\\/samisuministros\"]}]}<\/script>\n<meta property=\"og:availability\" content=\"out of stock\" \/>\n<meta property=\"product:availability\" content=\"out of stock\" \/>\n<meta property=\"product:retailer_item_id\" content=\"gordal-rellena-pimiento-4-5-kg\" \/>\n<meta property=\"product:condition\" content=\"new\" \/>\n<!-- \/ Yoast SEO plugin. -->","yoast_head_json":{"title":"Pimenta gorda recheada 4,5 kg - La Tienda de Sami","description":"A azeitona Gordal recheada com pimenta caracteriza-se pelo seu tamanho, uma vez que \u00e9 normalmente maior do que outras variedades.","robots":{"index":"index","follow":"follow","max-snippet":"max-snippet:-1","max-image-preview":"max-image-preview:large","max-video-preview":"max-video-preview:-1"},"canonical":"https:\/\/latiendadesami.com\/producto\/gordal-rellena-pimiento\/","og_locale":"pt_PT","og_type":"article","og_title":"Pimenta gorda recheada 4,5 kg - La Tienda de Sami","og_description":"A azeitona Gordal recheada com pimenta caracteriza-se pelo seu tamanho, uma vez que \u00e9 normalmente maior do que outras variedades.","og_url":"https:\/\/latiendadesami.com\/producto\/gordal-rellena-pimiento\/","og_site_name":"La Tienda de Sami","article_publisher":"https:\/\/www.facebook.com\/La-Tienda-de-Sami-106767417920851","article_modified_time":"2022-08-23T07:48:33+00:00","og_image":[{"width":750,"height":750,"url":"http:\/\/latiendadesami.com\/wp-content\/uploads\/2021\/06\/gordal-pimiento.jpg","type":"image\/jpeg"}],"twitter_card":"summary_large_image","twitter_site":"@SamiSuministros","twitter_misc":{"Disponibilidade":"Esgotado"},"schema":{"@context":"https:\/\/schema.org","@graph":[{"@type":"WebPage","@id":"https:\/\/latiendadesami.com\/producto\/gordal-rellena-pimiento\/","url":"https:\/\/latiendadesami.com\/producto\/gordal-rellena-pimiento\/","name":"Pimenta gorda recheada 4,5 kg - La Tienda de Sami","isPartOf":{"@id":"https:\/\/latiendadesami.com\/#website"},"primaryImageOfPage":{"@id":"https:\/\/latiendadesami.com\/producto\/gordal-rellena-pimiento\/#primaryimage"},"image":{"@id":"https:\/\/latiendadesami.com\/producto\/gordal-rellena-pimiento\/#primaryimage"},"thumbnailUrl":"https:\/\/latiendadesami.com\/wp-content\/uploads\/2021\/06\/gordal-pimiento.jpg","datePublished":"2021-06-22T08:06:46+00:00","dateModified":"2022-08-23T07:48:33+00:00","description":"A azeitona Gordal recheada com pimenta caracteriza-se pelo seu tamanho, uma vez que \u00e9 normalmente maior do que outras variedades.","breadcrumb":{"@id":"https:\/\/latiendadesami.com\/producto\/gordal-rellena-pimiento\/#breadcrumb"},"inLanguage":"pt-PT","potentialAction":[{"@type":"ReadAction","target":["https:\/\/latiendadesami.com\/producto\/gordal-rellena-pimiento\/"]}]},{"@type":"ImageObject","inLanguage":"pt-PT","@id":"https:\/\/latiendadesami.com\/producto\/gordal-rellena-pimiento\/#primaryimage","url":"https:\/\/latiendadesami.com\/wp-content\/uploads\/2021\/06\/gordal-pimiento.jpg","contentUrl":"https:\/\/latiendadesami.com\/wp-content\/uploads\/2021\/06\/gordal-pimiento.jpg","width":750,"height":750,"caption":"Pimenta recheada de Gordal"},{"@type":"BreadcrumbList","@id":"https:\/\/latiendadesami.com\/producto\/gordal-rellena-pimiento\/#breadcrumb","itemListElement":[{"@type":"ListItem","position":1,"name":"P\u00e1gina inicial","item":"https:\/\/latiendadesami.com\/pt-pt\/"},{"@type":"ListItem","position":2,"name":"Shop","item":"https:\/\/latiendadesami.com\/pt-pt\/"},{"@type":"ListItem","position":3,"name":"Pickles","item":"https:\/\/latiendadesami.com\/pt-pt\/categoria-producto\/pickles\/"},{"@type":"ListItem","position":4,"name":"Azeitonas","item":"https:\/\/latiendadesami.com\/pt-pt\/categoria-producto\/azeitonas\/"},{"@type":"ListItem","position":5,"name":"Pimenta gorda recheada 4,5 kg"}]},{"@type":"WebSite","@id":"https:\/\/latiendadesami.com\/#website","url":"https:\/\/latiendadesami.com\/","name":"La Tienda de Sami","description":"Conservas, azeitonas, vinho, azeite, queijos","publisher":{"@id":"https:\/\/latiendadesami.com\/#organization"},"potentialAction":[{"@type":"SearchAction","target":{"@type":"EntryPoint","urlTemplate":"https:\/\/latiendadesami.com\/?s={search_term_string}"},"query-input":{"@type":"PropertyValueSpecification","valueRequired":true,"valueName":"search_term_string"}}],"inLanguage":"pt-PT"},{"@type":"Organization","@id":"https:\/\/latiendadesami.com\/#organization","name":"La Tienda de Sami","url":"https:\/\/latiendadesami.com\/","logo":{"@type":"ImageObject","inLanguage":"pt-PT","@id":"https:\/\/latiendadesami.com\/#\/schema\/logo\/image\/","url":"https:\/\/latiendadesami.com\/wp-content\/uploads\/2020\/11\/0012222-1.jpg","contentUrl":"https:\/\/latiendadesami.com\/wp-content\/uploads\/2020\/11\/0012222-1.jpg","width":250,"height":72,"caption":"La Tienda de Sami"},"image":{"@id":"https:\/\/latiendadesami.com\/#\/schema\/logo\/image\/"},"sameAs":["https:\/\/www.facebook.com\/La-Tienda-de-Sami-106767417920851","https:\/\/x.com\/SamiSuministros","https:\/\/www.instagram.com\/samisuministros"]}]},"og_availability":"out of stock","product_availability":"out of stock","product_retailer_item_id":"gordal-rellena-pimiento-4-5-kg","product_condition":"new"},"_links":{"self":[{"href":"https:\/\/latiendadesami.com\/pt-pt\/wp-json\/wp\/v2\/product\/12045","targetHints":{"allow":["GET"]}}],"collection":[{"href":"https:\/\/latiendadesami.com\/pt-pt\/wp-json\/wp\/v2\/product"}],"about":[{"href":"https:\/\/latiendadesami.com\/pt-pt\/wp-json\/wp\/v2\/types\/product"}],"wp:featuredmedia":[{"embeddable":true,"href":"https:\/\/latiendadesami.com\/pt-pt\/wp-json\/wp\/v2\/media\/11143"}],"wp:attachment":[{"href":"https:\/\/latiendadesami.com\/pt-pt\/wp-json\/wp\/v2\/media?parent=12045"}],"wp:term":[{"taxonomy":"product_brand","embeddable":true,"href":"https:\/\/latiendadesami.com\/pt-pt\/wp-json\/wp\/v2\/product_brand?post=12045"},{"taxonomy":"product_cat","embeddable":true,"href":"https:\/\/latiendadesami.com\/pt-pt\/wp-json\/wp\/v2\/product_cat?post=12045"},{"taxonomy":"product_tag","embeddable":true,"href":"https:\/\/latiendadesami.com\/pt-pt\/wp-json\/wp\/v2\/product_tag?post=12045"}],"curies":[{"name":"wp","href":"https:\/\/api.w.org\/{rel}","templated":true}]}}