{"id":12066,"date":"2021-09-30T16:12:37","date_gmt":"2021-09-30T14:12:37","guid":{"rendered":"https:\/\/latiendadesami.com\/producto\/beringela-recheada-almagro-20-25-pecas\/"},"modified":"2024-08-28T20:10:33","modified_gmt":"2024-08-28T18:10:33","slug":"beringela-recheada-almagro-20-25-pecas","status":"publish","type":"product","link":"https:\/\/latiendadesami.com\/pt-pt\/producto\/beringela-recheada-almagro-20-25-pecas\/","title":{"rendered":"Beringela recheada Almagro 20\/25 pe\u00e7as"},"content":{"rendered":"<p>Aubergena embuchada de Almagro \u00e9 um produto tradicional da regi\u00e3o de Campo de Calatrava, no cora\u00e7\u00e3o de La <a href=\"https:\/\/www.laencajera.es\/berenjenas-de-almagro\" target=\"_blank\" rel=\"noopener\">Mancha<\/a>.<\/p>\n<p>Um produto com uma indica\u00e7\u00e3o geogr\u00e1fica protegida que se tornou um ponto de refer\u00eancia gastron\u00f3mica, seja como aperitivo, em pratos quentes ou frios.<\/p>\n<p>Ingredientes: Beringela &#8220;De Almagro&#8221;, \u00c1gua, Sal, Vinagre de Vinho, Pimenta, Funcho, Especiarias Naturais (Alho, Cominho, Piment\u00e3o, Azeite), Melhorador de Sabor (E-621), Acidulantes (E-330), Conservantes (E-270, E-211, E-202E-223), Antioxidante (E-300) e Aromas Naturais.<\/p>\n<p>Manter em local fresco e seco, entre 3\u00baC e 10\u00baC.<\/p>\n<p>Proteger da luz solar e de odores fortes.<\/p>\n<p>Beringela de Almagro uma vez aberta a embalagem, manter refrigerada e consumir no prazo de 30 dias.<\/p>\n<p>Se quiser comprar azeitonas ou qualquer outro tipo de <a href=\"https:\/\/latiendadesami.com\/categoria-producto\/encurtidos\/\" rel=\"noopener\">pickle<\/a>, n\u00e3o hesite em consultar o nosso cat\u00e1logo online para ver a grande variedade de <a href=\"https:\/\/latiendadesami.com\/categoria-producto\/encurtidos\/berenjenas\/\">beringelas<\/a> que temos.<\/p>\n<p>A marca \u00e9 La Encajonera, uma empresa familiar, fundada em 1990, localizada no cora\u00e7\u00e3o de La Mancha, na cidade de ALMAGRO, na prov\u00edncia de Ciudad Real.<\/p>\n<p>O processo de fabrico dos seus produtos come\u00e7a na mesma \u00e1rea de cultivo, seleccionando o produto de melhor qualidade.<\/p>\n<p>A f\u00e1brica est\u00e1 equipada com a tecnologia mais avan\u00e7ada, preservando ao mesmo tempo a tradi\u00e7\u00e3o e o know-how dos seus trabalhadores artesanais.<\/p>\n","protected":false},"excerpt":{"rendered":"<p>Aubergena embuchada de Almagro \u00e9 um produto tradicional da regi\u00e3o de Campo de Calatrava, no cora\u00e7\u00e3o de La Mancha. Um produto com uma indica\u00e7\u00e3o geogr\u00e1fica protegida que se tornou um ponto de refer\u00eancia gastron\u00f3mica, seja como aperitivo, em pratos quentes ou frios. Ingredientes: Beringela &#8220;De Almagro&#8221;, \u00c1gua, Sal, Vinagre de Vinho, Pimenta, Funcho, Especiarias Naturais [&hellip;]<\/p>\n","protected":false},"featured_media":11283,"template":"","meta":{"_et_pb_use_builder":"on","_et_pb_old_content":"","_et_gb_content_width":""},"product_brand":[864],"product_cat":[346,337],"product_tag":[347],"class_list":{"0":"post-12066","1":"product","2":"type-product","3":"status-publish","4":"has-post-thumbnail","6":"product_brand-la-encajera","7":"product_cat-beringelas","8":"product_cat-pickles","9":"product_tag-alinada-pt-pt","10":"pa_cantidad-unidade-pt-pt","12":"first","13":"instock","14":"taxable","15":"shipping-taxable","16":"purchasable","17":"product-type-simple"},"yoast_head":"<!-- This site is optimized with the Yoast SEO plugin v27.3 - https:\/\/yoast.com\/product\/yoast-seo-wordpress\/ -->\n<title>Almagro recheado de beringela La Tienda de Sami<\/title>\n<meta name=\"description\" content=\"Aubergena embuchada de Almagro \u00e9 um produto tradicional da regi\u00e3o de Campo de Calatrava, no cora\u00e7\u00e3o de La Mancha.\" \/>\n<meta name=\"robots\" content=\"index, follow, max-snippet:-1, max-image-preview:large, max-video-preview:-1\" \/>\n<link rel=\"canonical\" href=\"https:\/\/latiendadesami.com\/producto\/berenjena-embuchada-de-almagro-20-25\/\" \/>\n<meta property=\"og:locale\" content=\"pt_PT\" \/>\n<meta property=\"og:type\" content=\"article\" \/>\n<meta property=\"og:title\" content=\"Almagro recheado de beringela La Tienda de Sami\" \/>\n<meta property=\"og:description\" content=\"Aubergena embuchada de Almagro \u00e9 um produto tradicional da regi\u00e3o de Campo de Calatrava, no cora\u00e7\u00e3o de La Mancha.\" \/>\n<meta property=\"og:url\" content=\"https:\/\/latiendadesami.com\/producto\/berenjena-embuchada-de-almagro-20-25\/\" \/>\n<meta property=\"og:site_name\" content=\"La Tienda de Sami\" \/>\n<meta property=\"article:publisher\" content=\"https:\/\/www.facebook.com\/La-Tienda-de-Sami-106767417920851\" \/>\n<meta property=\"article:modified_time\" content=\"2024-08-28T18:10:33+00:00\" \/>\n<meta property=\"og:image\" content=\"http:\/\/latiendadesami.com\/wp-content\/uploads\/2021\/09\/berenjena-embuchada.jpg\" \/>\n\t<meta property=\"og:image:width\" content=\"750\" \/>\n\t<meta property=\"og:image:height\" content=\"750\" \/>\n\t<meta property=\"og:image:type\" content=\"image\/jpeg\" \/>\n<meta name=\"twitter:card\" content=\"summary_large_image\" \/>\n<meta name=\"twitter:site\" content=\"@SamiSuministros\" \/>\n<meta name=\"twitter:label1\" content=\"pre\u00e7o\" \/>\n\t<meta name=\"twitter:data1\" content=\"15,99&nbsp;&euro;\" \/>\n\t<meta name=\"twitter:label2\" content=\"Disponibilidade\" \/>\n\t<meta name=\"twitter:data2\" content=\"Em stock\" \/>\n<script type=\"application\/ld+json\" class=\"yoast-schema-graph\">{\"@context\":\"https:\\\/\\\/schema.org\",\"@graph\":[{\"@type\":\"WebPage\",\"@id\":\"https:\\\/\\\/latiendadesami.com\\\/producto\\\/berenjena-embuchada-de-almagro-20-25\\\/\",\"url\":\"https:\\\/\\\/latiendadesami.com\\\/producto\\\/berenjena-embuchada-de-almagro-20-25\\\/\",\"name\":\"Almagro recheado de beringela La Tienda de Sami\",\"isPartOf\":{\"@id\":\"https:\\\/\\\/latiendadesami.com\\\/#website\"},\"primaryImageOfPage\":{\"@id\":\"https:\\\/\\\/latiendadesami.com\\\/producto\\\/berenjena-embuchada-de-almagro-20-25\\\/#primaryimage\"},\"image\":{\"@id\":\"https:\\\/\\\/latiendadesami.com\\\/producto\\\/berenjena-embuchada-de-almagro-20-25\\\/#primaryimage\"},\"thumbnailUrl\":\"https:\\\/\\\/latiendadesami.com\\\/wp-content\\\/uploads\\\/2021\\\/09\\\/berenjena-embuchada.jpg\",\"datePublished\":\"2021-09-30T14:12:37+00:00\",\"dateModified\":\"2024-08-28T18:10:33+00:00\",\"description\":\"Aubergena embuchada de Almagro \u00e9 um produto tradicional da regi\u00e3o de Campo de Calatrava, no cora\u00e7\u00e3o de La Mancha.\",\"breadcrumb\":{\"@id\":\"https:\\\/\\\/latiendadesami.com\\\/producto\\\/berenjena-embuchada-de-almagro-20-25\\\/#breadcrumb\"},\"inLanguage\":\"pt-PT\",\"potentialAction\":[{\"@type\":\"ReadAction\",\"target\":[\"https:\\\/\\\/latiendadesami.com\\\/producto\\\/berenjena-embuchada-de-almagro-20-25\\\/\"]}]},{\"@type\":\"ImageObject\",\"inLanguage\":\"pt-PT\",\"@id\":\"https:\\\/\\\/latiendadesami.com\\\/producto\\\/berenjena-embuchada-de-almagro-20-25\\\/#primaryimage\",\"url\":\"https:\\\/\\\/latiendadesami.com\\\/wp-content\\\/uploads\\\/2021\\\/09\\\/berenjena-embuchada.jpg\",\"contentUrl\":\"https:\\\/\\\/latiendadesami.com\\\/wp-content\\\/uploads\\\/2021\\\/09\\\/berenjena-embuchada.jpg\",\"width\":750,\"height\":750,\"caption\":\"As beringelas recheadas de Almagro\"},{\"@type\":\"BreadcrumbList\",\"@id\":\"https:\\\/\\\/latiendadesami.com\\\/producto\\\/berenjena-embuchada-de-almagro-20-25\\\/#breadcrumb\",\"itemListElement\":[{\"@type\":\"ListItem\",\"position\":1,\"name\":\"P\u00e1gina inicial\",\"item\":\"https:\\\/\\\/latiendadesami.com\\\/pt-pt\\\/\"},{\"@type\":\"ListItem\",\"position\":2,\"name\":\"Shop\",\"item\":\"https:\\\/\\\/latiendadesami.com\\\/pt-pt\\\/\"},{\"@type\":\"ListItem\",\"position\":3,\"name\":\"Pickles\",\"item\":\"https:\\\/\\\/latiendadesami.com\\\/pt-pt\\\/categoria-producto\\\/pickles\\\/\"},{\"@type\":\"ListItem\",\"position\":4,\"name\":\"Beringelas\",\"item\":\"https:\\\/\\\/latiendadesami.com\\\/pt-pt\\\/categoria-producto\\\/beringelas\\\/\"},{\"@type\":\"ListItem\",\"position\":5,\"name\":\"Beringela recheada Almagro 20\\\/25 pe\u00e7as\"}]},{\"@type\":\"WebSite\",\"@id\":\"https:\\\/\\\/latiendadesami.com\\\/#website\",\"url\":\"https:\\\/\\\/latiendadesami.com\\\/\",\"name\":\"La Tienda de Sami\",\"description\":\"Conservas, azeitonas, vinho, azeite, queijos\",\"publisher\":{\"@id\":\"https:\\\/\\\/latiendadesami.com\\\/#organization\"},\"potentialAction\":[{\"@type\":\"SearchAction\",\"target\":{\"@type\":\"EntryPoint\",\"urlTemplate\":\"https:\\\/\\\/latiendadesami.com\\\/?s={search_term_string}\"},\"query-input\":{\"@type\":\"PropertyValueSpecification\",\"valueRequired\":true,\"valueName\":\"search_term_string\"}}],\"inLanguage\":\"pt-PT\"},{\"@type\":\"Organization\",\"@id\":\"https:\\\/\\\/latiendadesami.com\\\/#organization\",\"name\":\"La Tienda de Sami\",\"url\":\"https:\\\/\\\/latiendadesami.com\\\/\",\"logo\":{\"@type\":\"ImageObject\",\"inLanguage\":\"pt-PT\",\"@id\":\"https:\\\/\\\/latiendadesami.com\\\/#\\\/schema\\\/logo\\\/image\\\/\",\"url\":\"https:\\\/\\\/latiendadesami.com\\\/wp-content\\\/uploads\\\/2020\\\/11\\\/0012222-1.jpg\",\"contentUrl\":\"https:\\\/\\\/latiendadesami.com\\\/wp-content\\\/uploads\\\/2020\\\/11\\\/0012222-1.jpg\",\"width\":250,\"height\":72,\"caption\":\"La Tienda de Sami\"},\"image\":{\"@id\":\"https:\\\/\\\/latiendadesami.com\\\/#\\\/schema\\\/logo\\\/image\\\/\"},\"sameAs\":[\"https:\\\/\\\/www.facebook.com\\\/La-Tienda-de-Sami-106767417920851\",\"https:\\\/\\\/x.com\\\/SamiSuministros\",\"https:\\\/\\\/www.instagram.com\\\/samisuministros\"]}]}<\/script>\n<meta property=\"product:price:amount\" content=\"15.99\" \/>\n<meta property=\"product:price:currency\" content=\"EUR\" \/>\n<meta property=\"og:availability\" content=\"instock\" \/>\n<meta property=\"product:availability\" content=\"instock\" \/>\n<meta property=\"product:retailer_item_id\" content=\"berenjena-embuchada-almagro-15-25-piezas\" \/>\n<meta property=\"product:condition\" content=\"new\" \/>\n<!-- \/ Yoast SEO plugin. -->","yoast_head_json":{"title":"Almagro recheado de beringela La Tienda de Sami","description":"Aubergena embuchada de Almagro \u00e9 um produto tradicional da regi\u00e3o de Campo de Calatrava, no cora\u00e7\u00e3o de La Mancha.","robots":{"index":"index","follow":"follow","max-snippet":"max-snippet:-1","max-image-preview":"max-image-preview:large","max-video-preview":"max-video-preview:-1"},"canonical":"https:\/\/latiendadesami.com\/producto\/berenjena-embuchada-de-almagro-20-25\/","og_locale":"pt_PT","og_type":"article","og_title":"Almagro recheado de beringela La Tienda de Sami","og_description":"Aubergena embuchada de Almagro \u00e9 um produto tradicional da regi\u00e3o de Campo de Calatrava, no cora\u00e7\u00e3o de La Mancha.","og_url":"https:\/\/latiendadesami.com\/producto\/berenjena-embuchada-de-almagro-20-25\/","og_site_name":"La Tienda de Sami","article_publisher":"https:\/\/www.facebook.com\/La-Tienda-de-Sami-106767417920851","article_modified_time":"2024-08-28T18:10:33+00:00","og_image":[{"width":750,"height":750,"url":"http:\/\/latiendadesami.com\/wp-content\/uploads\/2021\/09\/berenjena-embuchada.jpg","type":"image\/jpeg"}],"twitter_card":"summary_large_image","twitter_site":"@SamiSuministros","twitter_misc":{"pre\u00e7o":"15,99&nbsp;&euro;","Disponibilidade":"Em stock"},"schema":{"@context":"https:\/\/schema.org","@graph":[{"@type":"WebPage","@id":"https:\/\/latiendadesami.com\/producto\/berenjena-embuchada-de-almagro-20-25\/","url":"https:\/\/latiendadesami.com\/producto\/berenjena-embuchada-de-almagro-20-25\/","name":"Almagro recheado de beringela La Tienda de Sami","isPartOf":{"@id":"https:\/\/latiendadesami.com\/#website"},"primaryImageOfPage":{"@id":"https:\/\/latiendadesami.com\/producto\/berenjena-embuchada-de-almagro-20-25\/#primaryimage"},"image":{"@id":"https:\/\/latiendadesami.com\/producto\/berenjena-embuchada-de-almagro-20-25\/#primaryimage"},"thumbnailUrl":"https:\/\/latiendadesami.com\/wp-content\/uploads\/2021\/09\/berenjena-embuchada.jpg","datePublished":"2021-09-30T14:12:37+00:00","dateModified":"2024-08-28T18:10:33+00:00","description":"Aubergena embuchada de Almagro \u00e9 um produto tradicional da regi\u00e3o de Campo de Calatrava, no cora\u00e7\u00e3o de La Mancha.","breadcrumb":{"@id":"https:\/\/latiendadesami.com\/producto\/berenjena-embuchada-de-almagro-20-25\/#breadcrumb"},"inLanguage":"pt-PT","potentialAction":[{"@type":"ReadAction","target":["https:\/\/latiendadesami.com\/producto\/berenjena-embuchada-de-almagro-20-25\/"]}]},{"@type":"ImageObject","inLanguage":"pt-PT","@id":"https:\/\/latiendadesami.com\/producto\/berenjena-embuchada-de-almagro-20-25\/#primaryimage","url":"https:\/\/latiendadesami.com\/wp-content\/uploads\/2021\/09\/berenjena-embuchada.jpg","contentUrl":"https:\/\/latiendadesami.com\/wp-content\/uploads\/2021\/09\/berenjena-embuchada.jpg","width":750,"height":750,"caption":"As beringelas recheadas de Almagro"},{"@type":"BreadcrumbList","@id":"https:\/\/latiendadesami.com\/producto\/berenjena-embuchada-de-almagro-20-25\/#breadcrumb","itemListElement":[{"@type":"ListItem","position":1,"name":"P\u00e1gina inicial","item":"https:\/\/latiendadesami.com\/pt-pt\/"},{"@type":"ListItem","position":2,"name":"Shop","item":"https:\/\/latiendadesami.com\/pt-pt\/"},{"@type":"ListItem","position":3,"name":"Pickles","item":"https:\/\/latiendadesami.com\/pt-pt\/categoria-producto\/pickles\/"},{"@type":"ListItem","position":4,"name":"Beringelas","item":"https:\/\/latiendadesami.com\/pt-pt\/categoria-producto\/beringelas\/"},{"@type":"ListItem","position":5,"name":"Beringela recheada Almagro 20\/25 pe\u00e7as"}]},{"@type":"WebSite","@id":"https:\/\/latiendadesami.com\/#website","url":"https:\/\/latiendadesami.com\/","name":"La Tienda de Sami","description":"Conservas, azeitonas, vinho, azeite, queijos","publisher":{"@id":"https:\/\/latiendadesami.com\/#organization"},"potentialAction":[{"@type":"SearchAction","target":{"@type":"EntryPoint","urlTemplate":"https:\/\/latiendadesami.com\/?s={search_term_string}"},"query-input":{"@type":"PropertyValueSpecification","valueRequired":true,"valueName":"search_term_string"}}],"inLanguage":"pt-PT"},{"@type":"Organization","@id":"https:\/\/latiendadesami.com\/#organization","name":"La Tienda de Sami","url":"https:\/\/latiendadesami.com\/","logo":{"@type":"ImageObject","inLanguage":"pt-PT","@id":"https:\/\/latiendadesami.com\/#\/schema\/logo\/image\/","url":"https:\/\/latiendadesami.com\/wp-content\/uploads\/2020\/11\/0012222-1.jpg","contentUrl":"https:\/\/latiendadesami.com\/wp-content\/uploads\/2020\/11\/0012222-1.jpg","width":250,"height":72,"caption":"La Tienda de Sami"},"image":{"@id":"https:\/\/latiendadesami.com\/#\/schema\/logo\/image\/"},"sameAs":["https:\/\/www.facebook.com\/La-Tienda-de-Sami-106767417920851","https:\/\/x.com\/SamiSuministros","https:\/\/www.instagram.com\/samisuministros"]}]},"product_price_amount":"15.99","product_price_currency":"EUR","og_availability":"instock","product_availability":"instock","product_retailer_item_id":"berenjena-embuchada-almagro-15-25-piezas","product_condition":"new"},"_links":{"self":[{"href":"https:\/\/latiendadesami.com\/pt-pt\/wp-json\/wp\/v2\/product\/12066","targetHints":{"allow":["GET"]}}],"collection":[{"href":"https:\/\/latiendadesami.com\/pt-pt\/wp-json\/wp\/v2\/product"}],"about":[{"href":"https:\/\/latiendadesami.com\/pt-pt\/wp-json\/wp\/v2\/types\/product"}],"wp:featuredmedia":[{"embeddable":true,"href":"https:\/\/latiendadesami.com\/pt-pt\/wp-json\/wp\/v2\/media\/11283"}],"wp:attachment":[{"href":"https:\/\/latiendadesami.com\/pt-pt\/wp-json\/wp\/v2\/media?parent=12066"}],"wp:term":[{"taxonomy":"product_brand","embeddable":true,"href":"https:\/\/latiendadesami.com\/pt-pt\/wp-json\/wp\/v2\/product_brand?post=12066"},{"taxonomy":"product_cat","embeddable":true,"href":"https:\/\/latiendadesami.com\/pt-pt\/wp-json\/wp\/v2\/product_cat?post=12066"},{"taxonomy":"product_tag","embeddable":true,"href":"https:\/\/latiendadesami.com\/pt-pt\/wp-json\/wp\/v2\/product_tag?post=12066"}],"curies":[{"name":"wp","href":"https:\/\/api.w.org\/{rel}","templated":true}]}}